{"id":13501,"date":"2019-08-19T16:38:53","date_gmt":"2019-08-19T14:38:53","guid":{"rendered":"https:\/\/fundacjajoannyradziwill.pl\/homepage\/"},"modified":"2026-03-03T17:22:21","modified_gmt":"2026-03-03T16:22:21","slug":"homepage","status":"publish","type":"page","link":"https:\/\/fundacjajoannyradziwill.pl\/en\/","title":{"rendered":"Homepage"},"content":{"rendered":"\t\t<div data-elementor-type=\"wp-post\" data-elementor-id=\"13501\" class=\"elementor elementor-13501 elementor-6\">\n\t\t\t\t\t\t<section class=\"elementor-section elementor-top-section elementor-element elementor-element-a7b88a4 elementor-hidden-tablet elementor-hidden-mobile elementor-section-boxed elementor-section-height-default elementor-section-height-default wpr-particle-no wpr-jarallax-no wpr-parallax-no wpr-sticky-section-no\" data-id=\"a7b88a4\" data-element_type=\"section\">\n\t\t\t\t\t\t<div class=\"elementor-container elementor-column-gap-default\">\n\t\t\t\t\t<div class=\"elementor-column elementor-col-100 elementor-top-column elementor-element elementor-element-53febd3\" data-id=\"53febd3\" data-element_type=\"column\">\n\t\t\t<div class=\"elementor-widget-wrap elementor-element-populated\">\n\t\t\t\t\t\t<div class=\"elementor-element elementor-element-8107364 elementor-widget elementor-widget-spacer\" data-id=\"8107364\" data-element_type=\"widget\" data-widget_type=\"spacer.default\">\n\t\t\t\t<div class=\"elementor-widget-container\">\n\t\t\t\t\t\t\t<div class=\"elementor-spacer\">\n\t\t\t<div class=\"elementor-spacer-inner\"><\/div>\n\t\t<\/div>\n\t\t\t\t\t\t<\/div>\n\t\t\t\t<\/div>\n\t\t\t\t\t<\/div>\n\t\t<\/div>\n\t\t\t\t\t<\/div>\n\t\t<\/section>\n\t\t\t\t<section class=\"elementor-section elementor-top-section elementor-element elementor-element-1dca473 elementor-section-stretched elementor-section-boxed elementor-section-height-default elementor-section-height-default wpr-particle-no wpr-jarallax-no wpr-parallax-no wpr-sticky-section-no\" data-id=\"1dca473\" data-element_type=\"section\" id=\"a\" data-settings=\"{&quot;background_background&quot;:&quot;classic&quot;,&quot;stretch_section&quot;:&quot;section-stretched&quot;}\">\n\t\t\t\t\t\t<div class=\"elementor-container elementor-column-gap-default\">\n\t\t\t\t\t<div class=\"elementor-column elementor-col-100 elementor-top-column elementor-element elementor-element-8443374\" data-id=\"8443374\" data-element_type=\"column\">\n\t\t\t<div class=\"elementor-widget-wrap elementor-element-populated\">\n\t\t\t\t\t\t<div class=\"elementor-element elementor-element-35d186d elementor-widget elementor-widget-image\" data-id=\"35d186d\" data-element_type=\"widget\" data-widget_type=\"image.default\">\n\t\t\t\t<div class=\"elementor-widget-container\">\n\t\t\t\t\t\t\t\t\t\t\t\t\t\t\t\t<a href=\"https:\/\/fundacjajoannyradziwill.pl\/en\/1-5-percent-tax\/\">\n\t\t\t\t\t\t\t<img fetchpriority=\"high\" decoding=\"async\" width=\"1920\" height=\"895\" src=\"https:\/\/fundacjajoannyradziwill.pl\/wp-content\/uploads\/2024\/03\/Fundacja_Joanny_Radziwi\u253ce\u253ce_15_baner_1920x895_1.jpg\" class=\"attachment-full size-full wp-image-10921\" alt=\"\" srcset=\"https:\/\/fundacjajoannyradziwill.pl\/wp-content\/uploads\/2024\/03\/Fundacja_Joanny_Radziwi\u253ce\u253ce_15_baner_1920x895_1.jpg 1920w, https:\/\/fundacjajoannyradziwill.pl\/wp-content\/uploads\/2024\/03\/Fundacja_Joanny_Radziwi\u253ce\u253ce_15_baner_1920x895_1-300x140.jpg 300w, https:\/\/fundacjajoannyradziwill.pl\/wp-content\/uploads\/2024\/03\/Fundacja_Joanny_Radziwi\u253ce\u253ce_15_baner_1920x895_1-1024x477.jpg 1024w, https:\/\/fundacjajoannyradziwill.pl\/wp-content\/uploads\/2024\/03\/Fundacja_Joanny_Radziwi\u253ce\u253ce_15_baner_1920x895_1-768x358.jpg 768w, https:\/\/fundacjajoannyradziwill.pl\/wp-content\/uploads\/2024\/03\/Fundacja_Joanny_Radziwi\u253ce\u253ce_15_baner_1920x895_1-1536x716.jpg 1536w\" sizes=\"(max-width: 1920px) 100vw, 1920px\" \/>\t\t\t\t\t\t\t\t<\/a>\n\t\t\t\t\t\t\t\t\t\t\t\t\t\t\t<\/div>\n\t\t\t\t<\/div>\n\t\t\t\t<div class=\"elementor-element elementor-element-796547c elementor-invisible elementor-widget elementor-widget-text-editor\" data-id=\"796547c\" data-element_type=\"widget\" data-settings=\"{&quot;_animation&quot;:&quot;fadeIn&quot;}\" data-widget_type=\"text-editor.default\">\n\t\t\t\t<div class=\"elementor-widget-container\">\n\t\t\t\t\t\t\t\t\t<p> <\/p><p>We help children who, for social and financial reasons, cannot rely on sufficient support from their caregivers.<\/p><p>We counteract the social exclusion of children and level the playing field for them in the day homes we run, which are created on the model of a family home.<\/p><p>With us, children find a sense of security, confidence in their abilities, learn to dream and make those dreams come true.<\/p>\t\t\t\t\t\t\t\t<\/div>\n\t\t\t\t<\/div>\n\t\t\t\t<div class=\"elementor-element elementor-element-6a41a11 elementor-widget elementor-widget-spacer\" data-id=\"6a41a11\" data-element_type=\"widget\" data-widget_type=\"spacer.default\">\n\t\t\t\t<div class=\"elementor-widget-container\">\n\t\t\t\t\t\t\t<div class=\"elementor-spacer\">\n\t\t\t<div class=\"elementor-spacer-inner\"><\/div>\n\t\t<\/div>\n\t\t\t\t\t\t<\/div>\n\t\t\t\t<\/div>\n\t\t\t\t\t<\/div>\n\t\t<\/div>\n\t\t\t\t\t<\/div>\n\t\t<\/section>\n\t\t\t\t<section class=\"elementor-section elementor-top-section elementor-element elementor-element-e081c49 elementor-section-full_width elementor-section-height-default elementor-section-height-default wpr-particle-no wpr-jarallax-no wpr-parallax-no wpr-sticky-section-no\" data-id=\"e081c49\" data-element_type=\"section\" data-settings=\"{&quot;background_background&quot;:&quot;classic&quot;}\">\n\t\t\t\t\t\t<div class=\"elementor-container elementor-column-gap-default\">\n\t\t\t\t\t<div class=\"elementor-column elementor-col-100 elementor-top-column elementor-element elementor-element-e2a5639\" data-id=\"e2a5639\" data-element_type=\"column\">\n\t\t\t<div class=\"elementor-widget-wrap elementor-element-populated\">\n\t\t\t\t\t\t<div class=\"elementor-element elementor-element-eab41fd elementor-widget elementor-widget-heading\" data-id=\"eab41fd\" data-element_type=\"widget\" data-widget_type=\"heading.default\">\n\t\t\t\t<div class=\"elementor-widget-container\">\n\t\t\t\t\t<h2 class=\"elementor-heading-title elementor-size-large\">Our activities<\/h2>\t\t\t\t<\/div>\n\t\t\t\t<\/div>\n\t\t\t\t<section class=\"elementor-section elementor-inner-section elementor-element elementor-element-b76c037 elementor-section-boxed elementor-section-height-default elementor-section-height-default wpr-particle-no wpr-jarallax-no wpr-parallax-no wpr-sticky-section-no\" data-id=\"b76c037\" data-element_type=\"section\">\n\t\t\t\t\t\t<div class=\"elementor-container elementor-column-gap-wider\">\n\t\t\t\t\t<div class=\"elementor-column elementor-col-50 elementor-inner-column elementor-element elementor-element-e66dab7\" data-id=\"e66dab7\" data-element_type=\"column\">\n\t\t\t<div class=\"elementor-widget-wrap elementor-element-populated\">\n\t\t\t\t\t\t<div class=\"elementor-element elementor-element-e444eb7 elementor-widget-tablet__width-inherit elementor-widget__width-initial elementor-widget elementor-widget-image\" data-id=\"e444eb7\" data-element_type=\"widget\" data-widget_type=\"image.default\">\n\t\t\t\t<div class=\"elementor-widget-container\">\n\t\t\t\t\t\t\t\t\t\t\t\t\t\t\t\t<a href=\"http:\/\/fundacjajoannyradziwill.pl\/nasze-dzialania\/#dom-mikolaja\">\n\t\t\t\t\t\t\t<img decoding=\"async\" src=\"https:\/\/fundacjajoannyradziwill.pl\/wp-content\/uploads\/2023\/04\/sw_mikolaj-02.svg\" title=\"sw_mikolaj-02\" alt=\"sw_mikolaj-02\" class=\"elementor-animation-grow\" loading=\"lazy\" \/>\t\t\t\t\t\t\t\t<\/a>\n\t\t\t\t\t\t\t\t\t\t\t\t\t\t\t<\/div>\n\t\t\t\t<\/div>\n\t\t\t\t<div class=\"elementor-element elementor-element-c9ce73d elementor-widget elementor-widget-text-editor\" data-id=\"c9ce73d\" data-element_type=\"widget\" data-widget_type=\"text-editor.default\">\n\t\t\t\t<div class=\"elementor-widget-container\">\n\t\t\t\t\t\t\t\t\t<p>It takes care of about 15 children aged 7-12 (younger group) and 15 teenagers from the age of 12 (older group). Here we take care of equalizing children&#8217;s educational, educational, emotional and social opportunities.  <\/p>\t\t\t\t\t\t\t\t<\/div>\n\t\t\t\t<\/div>\n\t\t\t\t\t<\/div>\n\t\t<\/div>\n\t\t\t\t<div class=\"elementor-column elementor-col-50 elementor-inner-column elementor-element elementor-element-9d1e946\" data-id=\"9d1e946\" data-element_type=\"column\">\n\t\t\t<div class=\"elementor-widget-wrap elementor-element-populated\">\n\t\t\t\t\t\t<div class=\"elementor-element elementor-element-9bb1509 elementor-widget__width-initial elementor-widget elementor-widget-image\" data-id=\"9bb1509\" data-element_type=\"widget\" data-widget_type=\"image.default\">\n\t\t\t\t<div class=\"elementor-widget-container\">\n\t\t\t\t\t\t\t\t\t\t\t\t\t\t\t\t<a href=\"http:\/\/fundacjajoannyradziwill.pl\/nasze-dzialania\/#tandem-55-plus\">\n\t\t\t\t\t\t\t<img decoding=\"async\" src=\"https:\/\/fundacjajoannyradziwill.pl\/wp-content\/uploads\/2023\/04\/kamionka-01.svg\" title=\"kamionka-01\" alt=\"kamionka-01\" class=\"elementor-animation-grow\" loading=\"lazy\" \/>\t\t\t\t\t\t\t\t<\/a>\n\t\t\t\t\t\t\t\t\t\t\t\t\t\t\t<\/div>\n\t\t\t\t<\/div>\n\t\t\t\t<div class=\"elementor-element elementor-element-614c038 elementor-widget elementor-widget-text-editor\" data-id=\"614c038\" data-element_type=\"widget\" data-widget_type=\"text-editor.default\">\n\t\t\t\t<div class=\"elementor-widget-container\">\n\t\t\t\t\t\t\t\t\t<p>Every day in a home-like space in Kamionka, 15 children aged 7-13 find a sense of security, learn to dream and realize their dreams.<\/p>\t\t\t\t\t\t\t\t<\/div>\n\t\t\t\t<\/div>\n\t\t\t\t\t<\/div>\n\t\t<\/div>\n\t\t\t\t\t<\/div>\n\t\t<\/section>\n\t\t\t\t<div class=\"elementor-element elementor-element-46e699c elementor-align-center elementor-widget elementor-widget-button\" data-id=\"46e699c\" data-element_type=\"widget\" data-widget_type=\"button.default\">\n\t\t\t\t<div class=\"elementor-widget-container\">\n\t\t\t\t\t\t\t\t\t<div class=\"elementor-button-wrapper\">\n\t\t\t\t\t<a class=\"elementor-button elementor-button-link elementor-size-sm\" href=\"http:\/\/foundationajoannaradziwill.pl\/our-actions\/\">\n\t\t\t\t\t\t<span class=\"elementor-button-content-wrapper\">\n\t\t\t\t\t\t\t\t\t<span class=\"elementor-button-text\">MORE!<\/span>\n\t\t\t\t\t<\/span>\n\t\t\t\t\t<\/a>\n\t\t\t\t<\/div>\n\t\t\t\t\t\t\t\t<\/div>\n\t\t\t\t<\/div>\n\t\t\t\t\t<\/div>\n\t\t<\/div>\n\t\t\t\t\t<\/div>\n\t\t<\/section>\n\t\t\t\t<section class=\"elementor-section elementor-top-section elementor-element elementor-element-a523fda elementor-section-full_width elementor-section-stretched elementor-section-height-default elementor-section-height-default wpr-particle-no wpr-jarallax-no wpr-parallax-no wpr-sticky-section-no\" data-id=\"a523fda\" data-element_type=\"section\" id=\"formy-pomocy\" data-settings=\"{&quot;background_background&quot;:&quot;gradient&quot;,&quot;stretch_section&quot;:&quot;section-stretched&quot;}\">\n\t\t\t\t\t\t<div class=\"elementor-container elementor-column-gap-default\">\n\t\t\t\t\t<div class=\"elementor-column elementor-col-100 elementor-top-column elementor-element elementor-element-89104af\" data-id=\"89104af\" data-element_type=\"column\">\n\t\t\t<div class=\"elementor-widget-wrap elementor-element-populated\">\n\t\t\t\t\t\t<div class=\"elementor-element elementor-element-e6f5613 elementor-widget elementor-widget-heading\" data-id=\"e6f5613\" data-element_type=\"widget\" data-widget_type=\"heading.default\">\n\t\t\t\t<div class=\"elementor-widget-container\">\n\t\t\t\t\t<h2 class=\"elementor-heading-title elementor-size-large\">YOUR SUPPORT MAKES A REAL DIFFERENCE<\/h2>\t\t\t\t<\/div>\n\t\t\t\t<\/div>\n\t\t\t\t<div class=\"elementor-element elementor-element-fa431ad elementor-widget elementor-widget-text-editor\" data-id=\"fa431ad\" data-element_type=\"widget\" data-widget_type=\"text-editor.default\">\n\t\t\t\t<div class=\"elementor-widget-container\">\n\t\t\t\t\t\t\t\t\t<p>You can help us in several ways. Learn about our support programs and see how you can get involved (click on the clouds for details).   <a href=\"https:\/\/fundacjajoannyradziwill.pl\/en\/do-you-know-who-you-are-helping\/\"><em><span style=\"text-decoration: underline;\">Find out who we are helping. Click <\/span><\/em><\/a><\/p>\t\t\t\t\t\t\t\t<\/div>\n\t\t\t\t<\/div>\n\t\t\t\t<section class=\"elementor-section elementor-inner-section elementor-element elementor-element-0bdee99 elementor-section-boxed elementor-section-height-default elementor-section-height-default wpr-particle-no wpr-jarallax-no wpr-parallax-no wpr-sticky-section-no\" data-id=\"0bdee99\" data-element_type=\"section\">\n\t\t\t\t\t\t<div class=\"elementor-container elementor-column-gap-wider\">\n\t\t\t\t\t<div class=\"elementor-column elementor-col-33 elementor-inner-column elementor-element elementor-element-8ad8c90\" data-id=\"8ad8c90\" data-element_type=\"column\">\n\t\t\t<div class=\"elementor-widget-wrap elementor-element-populated\">\n\t\t\t\t\t\t<div class=\"elementor-element elementor-element-e13fefb elementor-widget elementor-widget-image\" data-id=\"e13fefb\" data-element_type=\"widget\" data-widget_type=\"image.default\">\n\t\t\t\t<div class=\"elementor-widget-container\">\n\t\t\t\t\t\t\t\t\t\t\t\t\t\t\t\t<a href=\"http:\/\/fundacjajoannyradziwill.pl\/chce-pomoc\/#opiekuncze_skrzydla\">\n\t\t\t\t\t\t\t<img decoding=\"async\" src=\"https:\/\/fundacjajoannyradziwill.pl\/wp-content\/uploads\/2023\/04\/opiekuncze_skrzydla-02.svg\" title=\"opiekuncze_skrzydla-02\" alt=\"opiekuncze_skrzydla-02\" class=\"elementor-animation-grow\" loading=\"lazy\" \/>\t\t\t\t\t\t\t\t<\/a>\n\t\t\t\t\t\t\t\t\t\t\t\t\t\t\t<\/div>\n\t\t\t\t<\/div>\n\t\t\t\t<div class=\"elementor-element elementor-element-cd595f8 elementor-widget elementor-widget-text-editor\" data-id=\"cd595f8\" data-element_type=\"widget\" data-widget_type=\"text-editor.default\">\n\t\t\t\t<div class=\"elementor-widget-container\">\n\t\t\t\t\t\t\t\t\t<p>A program in which, through the activities of the foundation, you can provide a specific child with daily educational care, support in education and a good start in later life.<\/p>\t\t\t\t\t\t\t\t<\/div>\n\t\t\t\t<\/div>\n\t\t\t\t\t<\/div>\n\t\t<\/div>\n\t\t\t\t<div class=\"elementor-column elementor-col-33 elementor-inner-column elementor-element elementor-element-193876a\" data-id=\"193876a\" data-element_type=\"column\">\n\t\t\t<div class=\"elementor-widget-wrap elementor-element-populated\">\n\t\t\t\t\t\t<div class=\"elementor-element elementor-element-fd5cf55 animated-slow elementor-widget elementor-widget-image\" data-id=\"fd5cf55\" data-element_type=\"widget\" id=\"wielki-talerz\" data-settings=\"{&quot;_animation&quot;:&quot;none&quot;}\" data-widget_type=\"image.default\">\n\t\t\t\t<div class=\"elementor-widget-container\">\n\t\t\t\t\t\t\t\t\t\t\t\t\t\t\t\t<a href=\"http:\/\/fundacjajoannyradziwill.pl\/chce-pomoc\/#wielki-talerz\">\n\t\t\t\t\t\t\t<img decoding=\"async\" src=\"https:\/\/fundacjajoannyradziwill.pl\/wp-content\/uploads\/2023\/04\/wielki_talerz-02.svg\" title=\"wielki_talerz-02\" alt=\"wielki_talerz-02\" class=\"elementor-animation-grow\" loading=\"lazy\" \/>\t\t\t\t\t\t\t\t<\/a>\n\t\t\t\t\t\t\t\t\t\t\t\t\t\t\t<\/div>\n\t\t\t\t<\/div>\n\t\t\t\t<div class=\"elementor-element elementor-element-e7bc8a0 elementor-widget elementor-widget-text-editor\" data-id=\"e7bc8a0\" data-element_type=\"widget\" data-widget_type=\"text-editor.default\">\n\t\t\t\t<div class=\"elementor-widget-container\">\n\t\t\t\t\t\t\t\t\t<p>It&#8217;s a program in which for PLN 130 a month you can provide healthy lunches to a needy child for an entire month. The program covers children between the ages of 7 and 19. <\/p>\t\t\t\t\t\t\t\t<\/div>\n\t\t\t\t<\/div>\n\t\t\t\t\t<\/div>\n\t\t<\/div>\n\t\t\t\t<div class=\"elementor-column elementor-col-33 elementor-inner-column elementor-element elementor-element-dc8ed91\" data-id=\"dc8ed91\" data-element_type=\"column\">\n\t\t\t<div class=\"elementor-widget-wrap elementor-element-populated\">\n\t\t\t\t\t\t<div class=\"elementor-element elementor-element-69e60ae animated-slow elementor-widget elementor-widget-image\" data-id=\"69e60ae\" data-element_type=\"widget\" data-settings=\"{&quot;_animation&quot;:&quot;none&quot;}\" data-widget_type=\"image.default\">\n\t\t\t\t<div class=\"elementor-widget-container\">\n\t\t\t\t\t\t\t\t\t\t\t\t\t\t\t\t<a href=\"http:\/\/fundacjajoannyradziwill.pl\/chce-pomoc\/#wolontariat\">\n\t\t\t\t\t\t\t<img decoding=\"async\" src=\"https:\/\/fundacjajoannyradziwill.pl\/wp-content\/uploads\/2019\/10\/wolontariat-02-02.svg\" title=\"Wolontariat &#8211; Logo\" alt=\"Logo akcji Wolontariat\" class=\"elementor-animation-grow\" loading=\"lazy\" \/>\t\t\t\t\t\t\t\t<\/a>\n\t\t\t\t\t\t\t\t\t\t\t\t\t\t\t<\/div>\n\t\t\t\t<\/div>\n\t\t\t\t<div class=\"elementor-element elementor-element-e0d7ddb elementor-widget elementor-widget-text-editor\" data-id=\"e0d7ddb\" data-element_type=\"widget\" data-widget_type=\"text-editor.default\">\n\t\t\t\t<div class=\"elementor-widget-container\">\n\t\t\t\t\t\t\t\t\t<p>Helping is easy! See how much you can do by taking one small step. Do you want to act with us and become a volunteer or volunteer? Have an idea how you can help us?  <\/p>\t\t\t\t\t\t\t\t<\/div>\n\t\t\t\t<\/div>\n\t\t\t\t\t<\/div>\n\t\t<\/div>\n\t\t\t\t\t<\/div>\n\t\t<\/section>\n\t\t\t\t\t<\/div>\n\t\t<\/div>\n\t\t\t\t\t<\/div>\n\t\t<\/section>\n\t\t\t\t<section class=\"elementor-section elementor-top-section elementor-element elementor-element-fb0fa11 elementor-section-boxed elementor-section-height-default elementor-section-height-default wpr-particle-no wpr-jarallax-no wpr-parallax-no wpr-sticky-section-no\" data-id=\"fb0fa11\" data-element_type=\"section\">\n\t\t\t\t\t\t<div class=\"elementor-container elementor-column-gap-default\">\n\t\t\t\t\t<div class=\"elementor-column elementor-col-100 elementor-top-column elementor-element elementor-element-dba8688\" data-id=\"dba8688\" data-element_type=\"column\">\n\t\t\t<div class=\"elementor-widget-wrap elementor-element-populated\">\n\t\t\t\t\t\t<div class=\"elementor-element elementor-element-90c9815 elementor-align-center elementor-widget elementor-widget-button\" data-id=\"90c9815\" data-element_type=\"widget\" data-widget_type=\"button.default\">\n\t\t\t\t<div class=\"elementor-widget-container\">\n\t\t\t\t\t\t\t\t\t<div class=\"elementor-button-wrapper\">\n\t\t\t\t\t<a class=\"elementor-button elementor-button-link elementor-size-sm\" href=\"http:\/\/fundacjajoannyradziwill.pl\/chce-pomoc\/\">\n\t\t\t\t\t\t<span class=\"elementor-button-content-wrapper\">\n\t\t\t\t\t\t\t\t\t<span class=\"elementor-button-text\">MORE!<\/span>\n\t\t\t\t\t<\/span>\n\t\t\t\t\t<\/a>\n\t\t\t\t<\/div>\n\t\t\t\t\t\t\t\t<\/div>\n\t\t\t\t<\/div>\n\t\t\t\t\t<\/div>\n\t\t<\/div>\n\t\t\t\t\t<\/div>\n\t\t<\/section>\n\t\t\t\t<section class=\"elementor-section elementor-top-section elementor-element elementor-element-fce1493 elementor-section-boxed elementor-section-height-default elementor-section-height-default wpr-particle-no wpr-jarallax-no wpr-parallax-no wpr-sticky-section-no\" data-id=\"fce1493\" data-element_type=\"section\" data-settings=\"{&quot;background_background&quot;:&quot;classic&quot;}\">\n\t\t\t\t\t\t<div class=\"elementor-container elementor-column-gap-default\">\n\t\t\t\t\t<div class=\"elementor-column elementor-col-100 elementor-top-column elementor-element elementor-element-39ad0ae\" data-id=\"39ad0ae\" data-element_type=\"column\" data-settings=\"{&quot;background_background&quot;:&quot;classic&quot;}\">\n\t\t\t<div class=\"elementor-widget-wrap elementor-element-populated\">\n\t\t\t\t\t\t<div class=\"elementor-element elementor-element-170657c elementor-widget elementor-widget-heading\" data-id=\"170657c\" data-element_type=\"widget\" data-widget_type=\"heading.default\">\n\t\t\t\t<div class=\"elementor-widget-container\">\n\t\t\t\t\t<h2 class=\"elementor-heading-title elementor-size-large\">DONATE NOW<\/h2>\t\t\t\t<\/div>\n\t\t\t\t<\/div>\n\t\t\t\t<div class=\"elementor-element elementor-element-58996d2 elementor-widget elementor-widget-text-editor\" data-id=\"58996d2\" data-element_type=\"widget\" data-widget_type=\"text-editor.default\">\n\t\t\t\t<div class=\"elementor-widget-container\">\n\t\t\t\t\t\t\t\t\t<p>Thanks to your donation, we can take action every day for children who need support.<\/p>\t\t\t\t\t\t\t\t<\/div>\n\t\t\t\t<\/div>\n\t\t\t\t<div class=\"elementor-element elementor-element-406f0c4 elementor-widget elementor-widget-html\" data-id=\"406f0c4\" data-element_type=\"widget\" data-widget_type=\"html.default\">\n\t\t\t\t<div class=\"elementor-widget-container\">\n\t\t\t\t\t<style>\r\n  .donate-btn {\r\n    background-color: #EE4E42;\r\n    color: white;\r\n    font-size: 22px;\r\n    padding: 18px 60px;\r\n    border-radius: 8px;\r\n    font-family: Roboto, sans-serif;\r\n    text-decoration: none;\r\n    display: inline-block;\r\n    font-weight: 600;\r\n    box-shadow: 0 4px 12px rgba(0,0,0,0.15);\r\n    transition: transform 0.25s ease, box-shadow 0.25s ease, color 0.25s ease;\r\n  }\r\n\r\n  .donate-btn:hover {\r\n    transform: scale(1.05);\r\n    box-shadow: 0 6px 18px rgba(0,0,0,0.25);\r\n    color: #f5f5f5;\r\n  }\r\n<\/style>\r\n\r\n<div style=\"text-align: center; margin: 20px 0;\">\r\n  <a href=\"https:\/\/fundacjajoannyradziwill.pl\/wsparcie-finansowe\/\" class=\"donate-btn\">\r\n    DONATE NOW\r\n  <\/a>\r\n<\/div>\r\n\t\t\t\t<\/div>\n\t\t\t\t<\/div>\n\t\t\t\t\t<\/div>\n\t\t<\/div>\n\t\t\t\t\t<\/div>\n\t\t<\/section>\n\t\t\t\t<section class=\"elementor-section elementor-top-section elementor-element elementor-element-7c29fa9 elementor-section-stretched elementor-section-boxed elementor-section-height-default elementor-section-height-default wpr-particle-no wpr-jarallax-no wpr-parallax-no wpr-sticky-section-no\" data-id=\"7c29fa9\" data-element_type=\"section\" id=\"aktualnosci\" data-settings=\"{&quot;stretch_section&quot;:&quot;section-stretched&quot;}\">\n\t\t\t\t\t\t<div class=\"elementor-container elementor-column-gap-default\">\n\t\t\t\t\t<div class=\"elementor-column elementor-col-100 elementor-top-column elementor-element elementor-element-187b7c6\" data-id=\"187b7c6\" data-element_type=\"column\">\n\t\t\t<div class=\"elementor-widget-wrap elementor-element-populated\">\n\t\t\t\t\t\t<div class=\"elementor-element elementor-element-6f63081 elementor-widget elementor-widget-heading\" data-id=\"6f63081\" data-element_type=\"widget\" data-settings=\"{&quot;_animation&quot;:&quot;none&quot;}\" data-widget_type=\"heading.default\">\n\t\t\t\t<div class=\"elementor-widget-container\">\n\t\t\t\t\t<h2 class=\"elementor-heading-title elementor-size-large\">What's new with us?<\/h2>\t\t\t\t<\/div>\n\t\t\t\t<\/div>\n\t\t\t\t<div class=\"elementor-element elementor-element-e2e588a elementor-widget elementor-widget-text-editor\" data-id=\"e2e588a\" data-element_type=\"widget\" data-widget_type=\"text-editor.default\">\n\t\t\t\t<div class=\"elementor-widget-container\">\n\t\t\t\t\t\t\t\t\t<p>There is always a lot happening at our Foundation. Take a look at the initiatives we run, what inspires us, and what we are actively involved in\u2026 We would be delighted if you took an interest in the life of the Foundation. If a post particularly resonates with you, please share it on your social media \u2014 it\u2019s also a meaningful way to support us. Thank you!<\/p>\t\t\t\t\t\t\t\t<\/div>\n\t\t\t\t<\/div>\n\t\t\t\t\t<\/div>\n\t\t<\/div>\n\t\t\t\t\t<\/div>\n\t\t<\/section>\n\t\t\t\t<section class=\"elementor-section elementor-top-section elementor-element elementor-element-5e320a4 elementor-section-stretched elementor-section-boxed elementor-section-height-default elementor-section-height-default wpr-particle-no wpr-jarallax-no wpr-parallax-no wpr-sticky-section-no\" data-id=\"5e320a4\" data-element_type=\"section\" data-settings=\"{&quot;stretch_section&quot;:&quot;section-stretched&quot;}\">\n\t\t\t\t\t\t<div class=\"elementor-container elementor-column-gap-default\">\n\t\t\t\t\t<div class=\"elementor-column elementor-col-100 elementor-top-column elementor-element elementor-element-52799e7\" data-id=\"52799e7\" data-element_type=\"column\">\n\t\t\t<div class=\"elementor-widget-wrap elementor-element-populated\">\n\t\t\t\t\t\t<div class=\"elementor-element elementor-element-15bf985 elementor-widget elementor-widget-shortcode\" data-id=\"15bf985\" data-element_type=\"widget\" data-widget_type=\"shortcode.default\">\n\t\t\t\t<div class=\"elementor-widget-container\">\n\t\t\t\t\t\t\t<div class=\"elementor-shortcode\"><div class=\"latest-posts-grid\"><div class=\"latest-post-item\"><a href=\"https:\/\/fundacjajoannyradziwill.pl\/en\/donate-1-5-of-your-tax-for-the-wards-of-the-joanna-radziwill-foundation\/\"><img decoding=\"async\" width=\"620\" height=\"620\" src=\"https:\/\/fundacjajoannyradziwill.pl\/wp-content\/uploads\/2024\/03\/image.png\" class=\"attachment-full size-full wp-post-image\" alt=\"\" srcset=\"https:\/\/fundacjajoannyradziwill.pl\/wp-content\/uploads\/2024\/03\/image.png 620w, https:\/\/fundacjajoannyradziwill.pl\/wp-content\/uploads\/2024\/03\/image-300x300.png 300w, https:\/\/fundacjajoannyradziwill.pl\/wp-content\/uploads\/2024\/03\/image-150x150.png 150w, https:\/\/fundacjajoannyradziwill.pl\/wp-content\/uploads\/2024\/03\/image-600x600.png 600w\" sizes=\"(max-width: 620px) 100vw, 620px\" \/><\/a><h3><span>Donate 1.5% of your tax for the<\/span><br><span>wards of the Joanna Radziwill<\/span><br><span>Foundation<\/span><br><\/h3><\/div><div class=\"latest-post-item\"><a href=\"https:\/\/fundacjajoannyradziwill.pl\/en\/nie-koncz-zycia-nim-ono-przeminie\/\"><img decoding=\"async\" width=\"1600\" height=\"1067\" src=\"https:\/\/fundacjajoannyradziwill.pl\/wp-content\/uploads\/2025\/11\/dom-miedzypokoleniowy.jpg\" class=\"attachment-full size-full wp-post-image\" alt=\"\" srcset=\"https:\/\/fundacjajoannyradziwill.pl\/wp-content\/uploads\/2025\/11\/dom-miedzypokoleniowy.jpg 1600w, https:\/\/fundacjajoannyradziwill.pl\/wp-content\/uploads\/2025\/11\/dom-miedzypokoleniowy-300x200.jpg 300w, https:\/\/fundacjajoannyradziwill.pl\/wp-content\/uploads\/2025\/11\/dom-miedzypokoleniowy-1024x683.jpg 1024w, https:\/\/fundacjajoannyradziwill.pl\/wp-content\/uploads\/2025\/11\/dom-miedzypokoleniowy-768x512.jpg 768w, https:\/\/fundacjajoannyradziwill.pl\/wp-content\/uploads\/2025\/11\/dom-miedzypokoleniowy-1536x1024.jpg 1536w\" sizes=\"(max-width: 1600px) 100vw, 1600px\" \/><\/a><h3><span>Don\u2019t Let Your Life End<\/span><br><span>Before It\u2019s<\/span><br><span>Lived&lt;br&gt;<\/span><br><\/h3><\/div><div class=\"latest-post-item\"><a href=\"https:\/\/fundacjajoannyradziwill.pl\/en\/miscreants-a-campaign-that-changes-perspective\/\"><img loading=\"lazy\" decoding=\"async\" width=\"748\" height=\"713\" src=\"https:\/\/fundacjajoannyradziwill.pl\/wp-content\/uploads\/2025\/01\/tlo-fjr-e1737723340190.png\" class=\"attachment-full size-full wp-post-image\" alt=\"\" srcset=\"https:\/\/fundacjajoannyradziwill.pl\/wp-content\/uploads\/2025\/01\/tlo-fjr-e1737723340190.png 748w, https:\/\/fundacjajoannyradziwill.pl\/wp-content\/uploads\/2025\/01\/tlo-fjr-e1737723340190-300x286.png 300w\" sizes=\"(max-width: 748px) 100vw, 748px\" \/><\/a><h3><span>&quot;MISCREANTS?&quot; - A<\/span><br><span>campaign that changes<\/span><br><span>perspective<\/span><br><\/h3><\/div><\/div>\n<\/div>\n\t\t\t\t\t\t<\/div>\n\t\t\t\t<\/div>\n\t\t\t\t<div class=\"elementor-element elementor-element-afe9554 elementor-align-center elementor-widget elementor-widget-button\" data-id=\"afe9554\" data-element_type=\"widget\" data-widget_type=\"button.default\">\n\t\t\t\t<div class=\"elementor-widget-container\">\n\t\t\t\t\t\t\t\t\t<div class=\"elementor-button-wrapper\">\n\t\t\t\t\t<a class=\"elementor-button elementor-button-link elementor-size-sm\" href=\"http:\/\/fundacjajoannyradziwill.pl\/category\/aktualnosci\/\">\n\t\t\t\t\t\t<span class=\"elementor-button-content-wrapper\">\n\t\t\t\t\t\t\t\t\t<span class=\"elementor-button-text\">READ MORE<\/span>\n\t\t\t\t\t<\/span>\n\t\t\t\t\t<\/a>\n\t\t\t\t<\/div>\n\t\t\t\t\t\t\t\t<\/div>\n\t\t\t\t<\/div>\n\t\t\t\t\t<\/div>\n\t\t<\/div>\n\t\t\t\t\t<\/div>\n\t\t<\/section>\n\t\t\t\t<section class=\"elementor-section elementor-top-section elementor-element elementor-element-73bb0bb elementor-section-content-middle elementor-section-stretched elementor-section-boxed elementor-section-height-default elementor-section-height-default wpr-particle-no wpr-jarallax-no wpr-parallax-no wpr-sticky-section-no\" data-id=\"73bb0bb\" data-element_type=\"section\" data-settings=\"{&quot;background_background&quot;:&quot;classic&quot;,&quot;stretch_section&quot;:&quot;section-stretched&quot;}\">\n\t\t\t\t\t\t<div class=\"elementor-container elementor-column-gap-no\">\n\t\t\t\t\t<div class=\"elementor-column elementor-col-100 elementor-top-column elementor-element elementor-element-8c2ee66\" data-id=\"8c2ee66\" data-element_type=\"column\">\n\t\t\t<div class=\"elementor-widget-wrap elementor-element-populated\">\n\t\t\t\t\t\t<div class=\"elementor-element elementor-element-ab86dea elementor-widget elementor-widget-heading\" data-id=\"ab86dea\" data-element_type=\"widget\" data-widget_type=\"heading.default\">\n\t\t\t\t<div class=\"elementor-widget-container\">\n\t\t\t\t\t<h2 class=\"elementor-heading-title elementor-size-large\">Photo Gallery<\/h2>\t\t\t\t<\/div>\n\t\t\t\t<\/div>\n\t\t\t\t<div class=\"elementor-element elementor-element-cc2e6fd elementor-widget elementor-widget-text-editor\" data-id=\"cc2e6fd\" data-element_type=\"widget\" data-widget_type=\"text-editor.default\">\n\t\t\t\t<div class=\"elementor-widget-container\">\n\t\t\t\t\t\t\t\t\t<p>Catch a glimpse of the good moments we are trying to create as many as possible&#8230;.<\/p>\t\t\t\t\t\t\t\t<\/div>\n\t\t\t\t<\/div>\n\t\t\t\t<div class=\"elementor-element elementor-element-e051a10 gallery-spacing-custom elementor-widget elementor-widget-image-gallery\" data-id=\"e051a10\" data-element_type=\"widget\" data-widget_type=\"image-gallery.default\">\n\t\t\t\t<div class=\"elementor-widget-container\">\n\t\t\t\t\t\t\t<div class=\"elementor-image-gallery\">\n\t\t\t<div id='gallery-1' class='gallery galleryid-13501 gallery-columns-3 gallery-size-medium_large'><figure class='gallery-item'>\n\t\t\t<div class='gallery-icon landscape'>\n\t\t\t\t<a data-elementor-open-lightbox=\"yes\" data-elementor-lightbox-slideshow=\"e051a10\" data-elementor-lightbox-title=\"8\" data-e-action-hash=\"#elementor-action%3Aaction%3Dlightbox%26settings%3DeyJpZCI6MTUzNDUsInVybCI6Imh0dHBzOlwvXC9mdW5kYWNqYWpvYW5ueXJhZHppd2lsbC5wbFwvd3AtY29udGVudFwvdXBsb2Fkc1wvMjAyNlwvMDFcLzgtZTE3Njk2OTEyNjkxMDQuanBnIiwic2xpZGVzaG93IjoiZTA1MWExMCJ9\" href='https:\/\/fundacjajoannyradziwill.pl\/wp-content\/uploads\/2026\/01\/8-e1769691269104.jpg'><img loading=\"lazy\" decoding=\"async\" width=\"768\" height=\"544\" src=\"https:\/\/fundacjajoannyradziwill.pl\/wp-content\/uploads\/2026\/01\/8-768x544.jpg\" class=\"attachment-medium_large size-medium_large\" alt=\"\" srcset=\"https:\/\/fundacjajoannyradziwill.pl\/wp-content\/uploads\/2026\/01\/8-768x544.jpg 768w, https:\/\/fundacjajoannyradziwill.pl\/wp-content\/uploads\/2026\/01\/8-300x212.jpg 300w, https:\/\/fundacjajoannyradziwill.pl\/wp-content\/uploads\/2026\/01\/8.jpg 1000w\" sizes=\"(max-width: 768px) 100vw, 768px\" \/><\/a>\n\t\t\t<\/div><\/figure><figure class='gallery-item'>\n\t\t\t<div class='gallery-icon portrait'>\n\t\t\t\t<a data-elementor-open-lightbox=\"yes\" data-elementor-lightbox-slideshow=\"e051a10\" data-elementor-lightbox-title=\"Projekt bez nazwy - 1\" data-e-action-hash=\"#elementor-action%3Aaction%3Dlightbox%26settings%3DeyJpZCI6MTUzNTMsInVybCI6Imh0dHBzOlwvXC9mdW5kYWNqYWpvYW5ueXJhZHppd2lsbC5wbFwvd3AtY29udGVudFwvdXBsb2Fkc1wvMjAyNlwvMDFcL1Vyb2R6aW55LWRvbS13LXdhcnN6YXdpZS1zY2FsZWQtZTE3Njk2OTA5OTQ2MjkuanBnIiwic2xpZGVzaG93IjoiZTA1MWExMCJ9\" href='https:\/\/fundacjajoannyradziwill.pl\/wp-content\/uploads\/2026\/01\/Urodziny-dom-w-warszawie-scaled-e1769690994629.jpg'><img loading=\"lazy\" decoding=\"async\" width=\"768\" height=\"960\" src=\"https:\/\/fundacjajoannyradziwill.pl\/wp-content\/uploads\/2026\/01\/Urodziny-dom-w-warszawie-768x960.jpg\" class=\"attachment-medium_large size-medium_large\" alt=\"\" srcset=\"https:\/\/fundacjajoannyradziwill.pl\/wp-content\/uploads\/2026\/01\/Urodziny-dom-w-warszawie-768x960.jpg 768w, https:\/\/fundacjajoannyradziwill.pl\/wp-content\/uploads\/2026\/01\/Urodziny-dom-w-warszawie-240x300.jpg 240w, https:\/\/fundacjajoannyradziwill.pl\/wp-content\/uploads\/2026\/01\/Urodziny-dom-w-warszawie-819x1024.jpg 819w, https:\/\/fundacjajoannyradziwill.pl\/wp-content\/uploads\/2026\/01\/Urodziny-dom-w-warszawie-1229x1536.jpg 1229w, https:\/\/fundacjajoannyradziwill.pl\/wp-content\/uploads\/2026\/01\/Urodziny-dom-w-warszawie-1638x2048.jpg 1638w, https:\/\/fundacjajoannyradziwill.pl\/wp-content\/uploads\/2026\/01\/Urodziny-dom-w-warszawie-scaled.jpg 2048w\" sizes=\"(max-width: 768px) 100vw, 768px\" \/><\/a>\n\t\t\t<\/div><\/figure><figure class='gallery-item'>\n\t\t\t<div class='gallery-icon landscape'>\n\t\t\t\t<a data-elementor-open-lightbox=\"yes\" data-elementor-lightbox-slideshow=\"e051a10\" data-elementor-lightbox-title=\"5\" data-e-action-hash=\"#elementor-action%3Aaction%3Dlightbox%26settings%3DeyJpZCI6MTUzNDksInVybCI6Imh0dHBzOlwvXC9mdW5kYWNqYWpvYW5ueXJhZHppd2lsbC5wbFwvd3AtY29udGVudFwvdXBsb2Fkc1wvMjAyNlwvMDFcLzUtZTE3Njk2OTExMzg3MTIuanBnIiwic2xpZGVzaG93IjoiZTA1MWExMCJ9\" href='https:\/\/fundacjajoannyradziwill.pl\/wp-content\/uploads\/2026\/01\/5-e1769691138712.jpg'><img loading=\"lazy\" decoding=\"async\" width=\"768\" height=\"505\" src=\"https:\/\/fundacjajoannyradziwill.pl\/wp-content\/uploads\/2026\/01\/5-768x505.jpg\" class=\"attachment-medium_large size-medium_large\" alt=\"\" srcset=\"https:\/\/fundacjajoannyradziwill.pl\/wp-content\/uploads\/2026\/01\/5-768x505.jpg 768w, https:\/\/fundacjajoannyradziwill.pl\/wp-content\/uploads\/2026\/01\/5-300x197.jpg 300w, https:\/\/fundacjajoannyradziwill.pl\/wp-content\/uploads\/2026\/01\/5.jpg 1000w\" sizes=\"(max-width: 768px) 100vw, 768px\" \/><\/a>\n\t\t\t<\/div><\/figure><figure class='gallery-item'>\n\t\t\t<div class='gallery-icon landscape'>\n\t\t\t\t<a data-elementor-open-lightbox=\"yes\" data-elementor-lightbox-slideshow=\"e051a10\" data-elementor-lightbox-title=\"Dom w Warszawie\" data-e-action-hash=\"#elementor-action%3Aaction%3Dlightbox%26settings%3DeyJpZCI6MTUzNTcsInVybCI6Imh0dHBzOlwvXC9mdW5kYWNqYWpvYW5ueXJhZHppd2lsbC5wbFwvd3AtY29udGVudFwvdXBsb2Fkc1wvMjAyNlwvMDFcL0RvbS13LVdhcnN6YXdpZS1zY2FsZWQtZTE3Njk2OTExODU1OTguanBnIiwic2xpZGVzaG93IjoiZTA1MWExMCJ9\" href='https:\/\/fundacjajoannyradziwill.pl\/wp-content\/uploads\/2026\/01\/Dom-w-Warszawie-scaled-e1769691185598.jpg'><img loading=\"lazy\" decoding=\"async\" width=\"768\" height=\"512\" src=\"https:\/\/fundacjajoannyradziwill.pl\/wp-content\/uploads\/2026\/01\/Dom-w-Warszawie-768x512.jpg\" class=\"attachment-medium_large size-medium_large\" alt=\"\" srcset=\"https:\/\/fundacjajoannyradziwill.pl\/wp-content\/uploads\/2026\/01\/Dom-w-Warszawie-768x512.jpg 768w, https:\/\/fundacjajoannyradziwill.pl\/wp-content\/uploads\/2026\/01\/Dom-w-Warszawie-300x200.jpg 300w, https:\/\/fundacjajoannyradziwill.pl\/wp-content\/uploads\/2026\/01\/Dom-w-Warszawie-1024x683.jpg 1024w, https:\/\/fundacjajoannyradziwill.pl\/wp-content\/uploads\/2026\/01\/Dom-w-Warszawie-1536x1024.jpg 1536w, https:\/\/fundacjajoannyradziwill.pl\/wp-content\/uploads\/2026\/01\/Dom-w-Warszawie-2048x1365.jpg 2048w\" sizes=\"(max-width: 768px) 100vw, 768px\" \/><\/a>\n\t\t\t<\/div><\/figure><figure class='gallery-item'>\n\t\t\t<div class='gallery-icon landscape'>\n\t\t\t\t<a data-elementor-open-lightbox=\"yes\" data-elementor-lightbox-slideshow=\"e051a10\" data-elementor-lightbox-title=\"Zaj\u0119cia dla dzieci dom w Warszawie\" data-e-action-hash=\"#elementor-action%3Aaction%3Dlightbox%26settings%3DeyJpZCI6MTUzNTEsInVybCI6Imh0dHBzOlwvXC9mdW5kYWNqYWpvYW5ueXJhZHppd2lsbC5wbFwvd3AtY29udGVudFwvdXBsb2Fkc1wvMjAyNlwvMDFcL1phamVjaWEtZGxhLWR6aWVjaS1kb20tdy1XYXJzemF3aWUtc2NhbGVkLWUxNzY5NjkxMTYwNTQzLmpwZyIsInNsaWRlc2hvdyI6ImUwNTFhMTAifQ%3D%3D\" href='https:\/\/fundacjajoannyradziwill.pl\/wp-content\/uploads\/2026\/01\/Zajecia-dla-dzieci-dom-w-Warszawie-scaled-e1769691160543.jpg'><img loading=\"lazy\" decoding=\"async\" width=\"768\" height=\"512\" src=\"https:\/\/fundacjajoannyradziwill.pl\/wp-content\/uploads\/2026\/01\/Zajecia-dla-dzieci-dom-w-Warszawie-768x512.jpg\" class=\"attachment-medium_large size-medium_large\" alt=\"\" srcset=\"https:\/\/fundacjajoannyradziwill.pl\/wp-content\/uploads\/2026\/01\/Zajecia-dla-dzieci-dom-w-Warszawie-768x512.jpg 768w, https:\/\/fundacjajoannyradziwill.pl\/wp-content\/uploads\/2026\/01\/Zajecia-dla-dzieci-dom-w-Warszawie-300x200.jpg 300w, https:\/\/fundacjajoannyradziwill.pl\/wp-content\/uploads\/2026\/01\/Zajecia-dla-dzieci-dom-w-Warszawie-1024x683.jpg 1024w, https:\/\/fundacjajoannyradziwill.pl\/wp-content\/uploads\/2026\/01\/Zajecia-dla-dzieci-dom-w-Warszawie-1536x1024.jpg 1536w, https:\/\/fundacjajoannyradziwill.pl\/wp-content\/uploads\/2026\/01\/Zajecia-dla-dzieci-dom-w-Warszawie-2048x1365.jpg 2048w\" sizes=\"(max-width: 768px) 100vw, 768px\" \/><\/a>\n\t\t\t<\/div><\/figure><figure class='gallery-item'>\n\t\t\t<div class='gallery-icon portrait'>\n\t\t\t\t<a data-elementor-open-lightbox=\"yes\" data-elementor-lightbox-slideshow=\"e051a10\" data-elementor-lightbox-title=\"Praca z dzie\u0107mi. fot. P. Nowaczewska\" data-e-action-hash=\"#elementor-action%3Aaction%3Dlightbox%26settings%3DeyJpZCI6MTUzNTUsInVybCI6Imh0dHBzOlwvXC9mdW5kYWNqYWpvYW5ueXJhZHppd2lsbC5wbFwvd3AtY29udGVudFwvdXBsb2Fkc1wvMjAyNlwvMDFcL1ByYWNhLXotZHppZWNtaS4tZm90Li1QLi1Ob3dhY3pld3NrYS1lMTc2OTY5MTAzNjg5NC5wbmciLCJzbGlkZXNob3ciOiJlMDUxYTEwIn0%3D\" href='https:\/\/fundacjajoannyradziwill.pl\/wp-content\/uploads\/2026\/01\/Praca-z-dziecmi.-fot.-P.-Nowaczewska-e1769691036894.png'><img loading=\"lazy\" decoding=\"async\" width=\"768\" height=\"960\" src=\"https:\/\/fundacjajoannyradziwill.pl\/wp-content\/uploads\/2026\/01\/Praca-z-dziecmi.-fot.-P.-Nowaczewska-768x960.png\" class=\"attachment-medium_large size-medium_large\" alt=\"\" srcset=\"https:\/\/fundacjajoannyradziwill.pl\/wp-content\/uploads\/2026\/01\/Praca-z-dziecmi.-fot.-P.-Nowaczewska-768x960.png 768w, https:\/\/fundacjajoannyradziwill.pl\/wp-content\/uploads\/2026\/01\/Praca-z-dziecmi.-fot.-P.-Nowaczewska-240x300.png 240w, https:\/\/fundacjajoannyradziwill.pl\/wp-content\/uploads\/2026\/01\/Praca-z-dziecmi.-fot.-P.-Nowaczewska-819x1024.png 819w, https:\/\/fundacjajoannyradziwill.pl\/wp-content\/uploads\/2026\/01\/Praca-z-dziecmi.-fot.-P.-Nowaczewska.png 857w\" sizes=\"(max-width: 768px) 100vw, 768px\" \/><\/a>\n\t\t\t<\/div><\/figure><figure class='gallery-item'>\n\t\t\t<div class='gallery-icon landscape'>\n\t\t\t\t<a data-elementor-open-lightbox=\"yes\" data-elementor-lightbox-slideshow=\"e051a10\" data-elementor-lightbox-title=\"Dom w Kamionce, fot. M. Cze\u017cyk.\" data-e-action-hash=\"#elementor-action%3Aaction%3Dlightbox%26settings%3DeyJpZCI6MTUzNjEsInVybCI6Imh0dHBzOlwvXC9mdW5kYWNqYWpvYW5ueXJhZHppd2lsbC5wbFwvd3AtY29udGVudFwvdXBsb2Fkc1wvMjAyNlwvMDFcL0RvbS13LUthbWlvbmNlLWZvdC4tTS4tQ3plenlrLWUxNzY5NjkxMjIxOTUxLmpwZyIsInNsaWRlc2hvdyI6ImUwNTFhMTAifQ%3D%3D\" href='https:\/\/fundacjajoannyradziwill.pl\/wp-content\/uploads\/2026\/01\/Dom-w-Kamionce-fot.-M.-Czezyk-e1769691221951.jpg'><img loading=\"lazy\" decoding=\"async\" width=\"768\" height=\"511\" src=\"https:\/\/fundacjajoannyradziwill.pl\/wp-content\/uploads\/2026\/01\/Dom-w-Kamionce-fot.-M.-Czezyk-768x511.jpg\" class=\"attachment-medium_large size-medium_large\" alt=\"\" srcset=\"https:\/\/fundacjajoannyradziwill.pl\/wp-content\/uploads\/2026\/01\/Dom-w-Kamionce-fot.-M.-Czezyk-768x511.jpg 768w, https:\/\/fundacjajoannyradziwill.pl\/wp-content\/uploads\/2026\/01\/Dom-w-Kamionce-fot.-M.-Czezyk-300x200.jpg 300w, https:\/\/fundacjajoannyradziwill.pl\/wp-content\/uploads\/2026\/01\/Dom-w-Kamionce-fot.-M.-Czezyk-1024x682.jpg 1024w, https:\/\/fundacjajoannyradziwill.pl\/wp-content\/uploads\/2026\/01\/Dom-w-Kamionce-fot.-M.-Czezyk-1536x1022.jpg 1536w, https:\/\/fundacjajoannyradziwill.pl\/wp-content\/uploads\/2026\/01\/Dom-w-Kamionce-fot.-M.-Czezyk.jpg 1600w\" sizes=\"(max-width: 768px) 100vw, 768px\" \/><\/a>\n\t\t\t<\/div><\/figure><figure class='gallery-item'>\n\t\t\t<div class='gallery-icon landscape'>\n\t\t\t\t<a data-elementor-open-lightbox=\"yes\" data-elementor-lightbox-slideshow=\"e051a10\" data-elementor-lightbox-title=\"14 (1)\" data-e-action-hash=\"#elementor-action%3Aaction%3Dlightbox%26settings%3DeyJpZCI6MTUzNDcsInVybCI6Imh0dHBzOlwvXC9mdW5kYWNqYWpvYW5ueXJhZHppd2lsbC5wbFwvd3AtY29udGVudFwvdXBsb2Fkc1wvMjAyNlwvMDFcLzE0LTEtZTE3Njk2OTE4ODAxNzkuanBnIiwic2xpZGVzaG93IjoiZTA1MWExMCJ9\" href='https:\/\/fundacjajoannyradziwill.pl\/wp-content\/uploads\/2026\/01\/14-1-e1769691880179.jpg'><img loading=\"lazy\" decoding=\"async\" width=\"768\" height=\"508\" src=\"https:\/\/fundacjajoannyradziwill.pl\/wp-content\/uploads\/2026\/01\/14-1-768x508.jpg\" class=\"attachment-medium_large size-medium_large\" alt=\"\" srcset=\"https:\/\/fundacjajoannyradziwill.pl\/wp-content\/uploads\/2026\/01\/14-1-768x508.jpg 768w, https:\/\/fundacjajoannyradziwill.pl\/wp-content\/uploads\/2026\/01\/14-1-300x199.jpg 300w, https:\/\/fundacjajoannyradziwill.pl\/wp-content\/uploads\/2026\/01\/14-1.jpg 1000w\" sizes=\"(max-width: 768px) 100vw, 768px\" \/><\/a>\n\t\t\t<\/div><\/figure><figure class='gallery-item'>\n\t\t\t<div class='gallery-icon landscape'>\n\t\t\t\t<a data-elementor-open-lightbox=\"yes\" data-elementor-lightbox-slideshow=\"e051a10\" data-elementor-lightbox-title=\"Dom w Kamionce, fot. M. Cze\u017cyk. (1)\" data-e-action-hash=\"#elementor-action%3Aaction%3Dlightbox%26settings%3DeyJpZCI6MTUzNTksInVybCI6Imh0dHBzOlwvXC9mdW5kYWNqYWpvYW5ueXJhZHppd2lsbC5wbFwvd3AtY29udGVudFwvdXBsb2Fkc1wvMjAyNlwvMDFcL0RvbS13LUthbWlvbmNlLWZvdC4tTS4tQ3plenlrLi0xLWUxNzY5NjkxMjQzMzQyLmpwZyIsInNsaWRlc2hvdyI6ImUwNTFhMTAifQ%3D%3D\" href='https:\/\/fundacjajoannyradziwill.pl\/wp-content\/uploads\/2026\/01\/Dom-w-Kamionce-fot.-M.-Czezyk.-1-e1769691243342.jpg'><img loading=\"lazy\" decoding=\"async\" width=\"768\" height=\"512\" src=\"https:\/\/fundacjajoannyradziwill.pl\/wp-content\/uploads\/2026\/01\/Dom-w-Kamionce-fot.-M.-Czezyk.-1-768x512.jpg\" class=\"attachment-medium_large size-medium_large\" alt=\"\" srcset=\"https:\/\/fundacjajoannyradziwill.pl\/wp-content\/uploads\/2026\/01\/Dom-w-Kamionce-fot.-M.-Czezyk.-1-768x512.jpg 768w, https:\/\/fundacjajoannyradziwill.pl\/wp-content\/uploads\/2026\/01\/Dom-w-Kamionce-fot.-M.-Czezyk.-1-300x200.jpg 300w, https:\/\/fundacjajoannyradziwill.pl\/wp-content\/uploads\/2026\/01\/Dom-w-Kamionce-fot.-M.-Czezyk.-1-1024x683.jpg 1024w, https:\/\/fundacjajoannyradziwill.pl\/wp-content\/uploads\/2026\/01\/Dom-w-Kamionce-fot.-M.-Czezyk.-1-1536x1024.jpg 1536w, https:\/\/fundacjajoannyradziwill.pl\/wp-content\/uploads\/2026\/01\/Dom-w-Kamionce-fot.-M.-Czezyk.-1.jpg 1600w\" sizes=\"(max-width: 768px) 100vw, 768px\" \/><\/a>\n\t\t\t<\/div><\/figure>\n\t\t<\/div>\n\t\t<\/div>\n\t\t\t\t\t\t<\/div>\n\t\t\t\t<\/div>\n\t\t\t\t\t<\/div>\n\t\t<\/div>\n\t\t\t\t\t<\/div>\n\t\t<\/section>\n\t\t\t\t<section class=\"elementor-section elementor-top-section elementor-element elementor-element-6adbcedf elementor-section-boxed elementor-section-height-default elementor-section-height-default wpr-particle-no wpr-jarallax-no wpr-parallax-no wpr-sticky-section-no\" data-id=\"6adbcedf\" data-element_type=\"section\">\n\t\t\t\t\t\t<div class=\"elementor-container elementor-column-gap-default\">\n\t\t\t\t\t<div class=\"elementor-column elementor-col-100 elementor-top-column elementor-element elementor-element-1c114cb1\" data-id=\"1c114cb1\" data-element_type=\"column\">\n\t\t\t<div class=\"elementor-widget-wrap elementor-element-populated\">\n\t\t\t\t\t\t<div class=\"elementor-element elementor-element-698daecb elementor-widget-divider--view-line elementor-widget elementor-widget-divider\" data-id=\"698daecb\" data-element_type=\"widget\" data-widget_type=\"divider.default\">\n\t\t\t\t<div class=\"elementor-widget-container\">\n\t\t\t\t\t\t\t<div class=\"elementor-divider\">\n\t\t\t<span class=\"elementor-divider-separator\">\n\t\t\t\t\t\t<\/span>\n\t\t<\/div>\n\t\t\t\t\t\t<\/div>\n\t\t\t\t<\/div>\n\t\t\t\t<div class=\"elementor-element elementor-element-2c19f0a2 elementor-widget elementor-widget-heading\" data-id=\"2c19f0a2\" data-element_type=\"widget\" data-widget_type=\"heading.default\">\n\t\t\t\t<div class=\"elementor-widget-container\">\n\t\t\t\t\t<h4 class=\"elementor-heading-title elementor-size-large\">Our partners<\/h4>\t\t\t\t<\/div>\n\t\t\t\t<\/div>\n\t\t\t\t<div class=\"elementor-element elementor-element-5bc581bb elementor-arrows-position-outside elementor-invisible elementor-widget elementor-widget-image-carousel\" data-id=\"5bc581bb\" data-element_type=\"widget\" data-settings=\"{&quot;slides_to_scroll&quot;:&quot;4&quot;,&quot;navigation&quot;:&quot;arrows&quot;,&quot;pause_on_interaction&quot;:&quot;no&quot;,&quot;autoplay_speed&quot;:4500,&quot;_animation&quot;:&quot;fadeInRight&quot;,&quot;slides_to_show&quot;:&quot;4&quot;,&quot;speed&quot;:300,&quot;autoplay&quot;:&quot;yes&quot;,&quot;pause_on_hover&quot;:&quot;yes&quot;,&quot;infinite&quot;:&quot;yes&quot;}\" data-widget_type=\"image-carousel.default\">\n\t\t\t\t<div class=\"elementor-widget-container\">\n\t\t\t\t\t\t\t<div class=\"elementor-image-carousel-wrapper swiper\" role=\"region\" aria-roledescription=\"carousel\" aria-label=\"Karuzela obrazk\u00f3w\" dir=\"ltr\">\n\t\t\t<div class=\"elementor-image-carousel swiper-wrapper\" aria-live=\"off\">\n\t\t\t\t\t\t\t\t<div class=\"swiper-slide\" role=\"group\" aria-roledescription=\"slide\" aria-label=\"1 of 28\"><figure class=\"swiper-slide-inner\"><img decoding=\"async\" class=\"swiper-slide-image\" src=\"https:\/\/fundacjajoannyradziwill.pl\/wp-content\/uploads\/2026\/01\/logo_grupa-trop-300x101.png\" alt=\"logo_grupa-trop\" \/><\/figure><\/div><div class=\"swiper-slide\" role=\"group\" aria-roledescription=\"slide\" aria-label=\"2 of 28\"><figure class=\"swiper-slide-inner\"><img decoding=\"async\" class=\"swiper-slide-image\" src=\"https:\/\/fundacjajoannyradziwill.pl\/wp-content\/uploads\/2019\/10\/dajmyDzieciomSile.png\" alt=\"dajmyDzieciomSile\" \/><\/figure><\/div><div class=\"swiper-slide\" role=\"group\" aria-roledescription=\"slide\" aria-label=\"3 of 28\"><figure class=\"swiper-slide-inner\"><img decoding=\"async\" class=\"swiper-slide-image\" src=\"https:\/\/fundacjajoannyradziwill.pl\/wp-content\/uploads\/2023\/04\/unnamed-300x37.png\" alt=\"Clear Channel logo\" \/><\/figure><\/div><div class=\"swiper-slide\" role=\"group\" aria-roledescription=\"slide\" aria-label=\"4 of 28\"><figure class=\"swiper-slide-inner\"><img decoding=\"async\" class=\"swiper-slide-image\" src=\"https:\/\/fundacjajoannyradziwill.pl\/wp-content\/uploads\/2019\/10\/Renault.png\" alt=\"Renault\" \/><\/figure><\/div><div class=\"swiper-slide\" role=\"group\" aria-roledescription=\"slide\" aria-label=\"5 of 28\"><figure class=\"swiper-slide-inner\"><img decoding=\"async\" class=\"swiper-slide-image\" src=\"https:\/\/fundacjajoannyradziwill.pl\/wp-content\/uploads\/2020\/02\/Bieronka-logo_no_claim-1.png\" alt=\"Bieronka logo_no_claim\" \/><\/figure><\/div><div class=\"swiper-slide\" role=\"group\" aria-roledescription=\"slide\" aria-label=\"6 of 28\"><figure class=\"swiper-slide-inner\"><img decoding=\"async\" class=\"swiper-slide-image\" src=\"https:\/\/fundacjajoannyradziwill.pl\/wp-content\/uploads\/2026\/01\/logo-gray-01-2-300x93.jpg\" alt=\"logo-gray-01\" \/><\/figure><\/div><div class=\"swiper-slide\" role=\"group\" aria-roledescription=\"slide\" aria-label=\"7 of 28\"><figure class=\"swiper-slide-inner\"><img decoding=\"async\" class=\"swiper-slide-image\" src=\"https:\/\/fundacjajoannyradziwill.pl\/wp-content\/uploads\/2026\/01\/Logo_horizontal_BN_english-300x92.jpg\" alt=\"Logo_horizontal_BN_english\" \/><\/figure><\/div><div class=\"swiper-slide\" role=\"group\" aria-roledescription=\"slide\" aria-label=\"8 of 28\"><figure class=\"swiper-slide-inner\"><img decoding=\"async\" class=\"swiper-slide-image\" src=\"https:\/\/fundacjajoannyradziwill.pl\/wp-content\/uploads\/2024\/10\/starbucks-logo-current-300x203.webp\" alt=\"starbucks logo current\" \/><\/figure><\/div><div class=\"swiper-slide\" role=\"group\" aria-roledescription=\"slide\" aria-label=\"9 of 28\"><figure class=\"swiper-slide-inner\"><img decoding=\"async\" class=\"swiper-slide-image\" src=\"https:\/\/fundacjajoannyradziwill.pl\/wp-content\/uploads\/2024\/10\/ALL4Kids_logo-rgb_media-elektroniczne_bez-tla-300x271.png\" alt=\"ALL4Kids_logo rgb_media elektroniczne_bez t\u0142a\" \/><\/figure><\/div><div class=\"swiper-slide\" role=\"group\" aria-roledescription=\"slide\" aria-label=\"10 of 28\"><figure class=\"swiper-slide-inner\"><img decoding=\"async\" class=\"swiper-slide-image\" src=\"https:\/\/fundacjajoannyradziwill.pl\/wp-content\/uploads\/2019\/10\/Fundacja_entraide.png\" alt=\"Fundacja_entraide\" \/><\/figure><\/div><div class=\"swiper-slide\" role=\"group\" aria-roledescription=\"slide\" aria-label=\"11 of 28\"><figure class=\"swiper-slide-inner\"><img decoding=\"async\" class=\"swiper-slide-image\" src=\"https:\/\/fundacjajoannyradziwill.pl\/wp-content\/uploads\/2019\/10\/JAJKOFilm.png\" alt=\"JAJKOFilm\" \/><\/figure><\/div><div class=\"swiper-slide\" role=\"group\" aria-roledescription=\"slide\" aria-label=\"12 of 28\"><figure class=\"swiper-slide-inner\"><img decoding=\"async\" class=\"swiper-slide-image\" src=\"https:\/\/fundacjajoannyradziwill.pl\/wp-content\/uploads\/2026\/01\/FJR_logo_CB_nasi-partnerzy-1-300x177.png\" alt=\"FJR_logo_CB_nasi-partnerzy-1\" \/><\/figure><\/div><div class=\"swiper-slide\" role=\"group\" aria-roledescription=\"slide\" aria-label=\"13 of 28\"><figure class=\"swiper-slide-inner\"><img decoding=\"async\" class=\"swiper-slide-image\" src=\"https:\/\/fundacjajoannyradziwill.pl\/wp-content\/uploads\/2025\/02\/Zrzut-ekranu-2025-02-06-121557-300x59.png\" alt=\"Zrzut-ekranu-2025-02-06-121557\" \/><\/figure><\/div><div class=\"swiper-slide\" role=\"group\" aria-roledescription=\"slide\" aria-label=\"14 of 28\"><figure class=\"swiper-slide-inner\"><img decoding=\"async\" class=\"swiper-slide-image\" src=\"https:\/\/fundacjajoannyradziwill.pl\/wp-content\/uploads\/2024\/10\/czarne-logo-bez-tla-zalecane-do-dokumentow-prezentacji-300x135.png\" alt=\"czarne logo bez t\u0142a, zalecane do dokument\u00f3w, prezentacji\" \/><\/figure><\/div><div class=\"swiper-slide\" role=\"group\" aria-roledescription=\"slide\" aria-label=\"15 of 28\"><figure class=\"swiper-slide-inner\"><img decoding=\"async\" class=\"swiper-slide-image\" src=\"https:\/\/fundacjajoannyradziwill.pl\/wp-content\/uploads\/2024\/10\/AOShearman_Wordmark_Progress-Green_RGB-300x117.png\" alt=\"A&amp;OShearman_Wordmark_Progress Green_RGB\" \/><\/figure><\/div><div class=\"swiper-slide\" role=\"group\" aria-roledescription=\"slide\" aria-label=\"16 of 28\"><figure class=\"swiper-slide-inner\"><img decoding=\"async\" class=\"swiper-slide-image\" src=\"https:\/\/fundacjajoannyradziwill.pl\/wp-content\/uploads\/2024\/10\/RSM-Standard-Logo-RGB-300x156.png\" alt=\"RSM Standard Logo RGB\" \/><\/figure><\/div><div class=\"swiper-slide\" role=\"group\" aria-roledescription=\"slide\" aria-label=\"17 of 28\"><figure class=\"swiper-slide-inner\"><img decoding=\"async\" class=\"swiper-slide-image\" src=\"https:\/\/fundacjajoannyradziwill.pl\/wp-content\/uploads\/2019\/10\/Lilou.png\" alt=\"Lilou\" \/><\/figure><\/div><div class=\"swiper-slide\" role=\"group\" aria-roledescription=\"slide\" aria-label=\"18 of 28\"><figure class=\"swiper-slide-inner\"><img decoding=\"async\" class=\"swiper-slide-image\" src=\"https:\/\/fundacjajoannyradziwill.pl\/wp-content\/uploads\/2019\/10\/PROM.png\" alt=\"PROM\" \/><\/figure><\/div><div class=\"swiper-slide\" role=\"group\" aria-roledescription=\"slide\" aria-label=\"19 of 28\"><figure class=\"swiper-slide-inner\"><img decoding=\"async\" class=\"swiper-slide-image\" src=\"https:\/\/fundacjajoannyradziwill.pl\/wp-content\/uploads\/2023\/04\/Soit-logo-final-300x97.jpg\" alt=\"Soit-logo-final\" \/><\/figure><\/div><div class=\"swiper-slide\" role=\"group\" aria-roledescription=\"slide\" aria-label=\"20 of 28\"><figure class=\"swiper-slide-inner\"><img decoding=\"async\" class=\"swiper-slide-image\" src=\"https:\/\/fundacjajoannyradziwill.pl\/wp-content\/uploads\/2024\/10\/logo-LOreal-BalticPoland-300x188.jpg\" alt=\"logo-L&#039;Or\u00e9al-BalticPoland\" \/><\/figure><\/div><div class=\"swiper-slide\" role=\"group\" aria-roledescription=\"slide\" aria-label=\"21 of 28\"><figure class=\"swiper-slide-inner\"><img decoding=\"async\" class=\"swiper-slide-image\" src=\"https:\/\/fundacjajoannyradziwill.pl\/wp-content\/uploads\/2022\/12\/295057621_761591651661811_6559954710594152290_n-300x121.png\" alt=\"295057621_761591651661811_6559954710594152290_n\" \/><\/figure><\/div><div class=\"swiper-slide\" role=\"group\" aria-roledescription=\"slide\" aria-label=\"22 of 28\"><figure class=\"swiper-slide-inner\"><img decoding=\"async\" class=\"swiper-slide-image\" src=\"https:\/\/fundacjajoannyradziwill.pl\/wp-content\/uploads\/2024\/10\/finture-logo_rgb-horyzontalne-\u2014-kopia-300x92.png\" alt=\"finture-logo_rgb-horyzontalne \u2014 kopia\" \/><\/figure><\/div><div class=\"swiper-slide\" role=\"group\" aria-roledescription=\"slide\" aria-label=\"23 of 28\"><figure class=\"swiper-slide-inner\"><img decoding=\"async\" class=\"swiper-slide-image\" src=\"https:\/\/fundacjajoannyradziwill.pl\/wp-content\/uploads\/2024\/10\/spirax-315x176-1-300x168.png\" alt=\"spirax-315x176-1\" \/><\/figure><\/div><div class=\"swiper-slide\" role=\"group\" aria-roledescription=\"slide\" aria-label=\"24 of 28\"><figure class=\"swiper-slide-inner\"><img decoding=\"async\" class=\"swiper-slide-image\" src=\"https:\/\/fundacjajoannyradziwill.pl\/wp-content\/uploads\/2024\/10\/CMS_Logo_LawTaxFuture_Maxi_RGB_Web.jpg\" alt=\"CMS_Logo_LawTaxFuture_Maxi_RGB_Web\" \/><\/figure><\/div><div class=\"swiper-slide\" role=\"group\" aria-roledescription=\"slide\" aria-label=\"25 of 28\"><figure class=\"swiper-slide-inner\"><img decoding=\"async\" class=\"swiper-slide-image\" src=\"https:\/\/fundacjajoannyradziwill.pl\/wp-content\/uploads\/2024\/10\/pobrane-300x150.png\" alt=\"pobrane\" \/><\/figure><\/div><div class=\"swiper-slide\" role=\"group\" aria-roledescription=\"slide\" aria-label=\"26 of 28\"><figure class=\"swiper-slide-inner\"><img decoding=\"async\" class=\"swiper-slide-image\" src=\"https:\/\/fundacjajoannyradziwill.pl\/wp-content\/uploads\/2024\/10\/Hakersi-logo-on-dark-4-300x198.png\" alt=\"Hakersi logo (on dark) (4)\" \/><\/figure><\/div><div class=\"swiper-slide\" role=\"group\" aria-roledescription=\"slide\" aria-label=\"27 of 28\"><figure class=\"swiper-slide-inner\"><img decoding=\"async\" class=\"swiper-slide-image\" src=\"https:\/\/fundacjajoannyradziwill.pl\/wp-content\/uploads\/2026\/01\/wyprawiamy-dobro-1-300x289.jpg\" alt=\"wyprawiamy dobro\" \/><\/figure><\/div><div class=\"swiper-slide\" role=\"group\" aria-roledescription=\"slide\" aria-label=\"28 of 28\"><figure class=\"swiper-slide-inner\"><img decoding=\"async\" class=\"swiper-slide-image\" src=\"https:\/\/fundacjajoannyradziwill.pl\/wp-content\/uploads\/2026\/03\/Skumani-logo_primary_fiolet-300x68.png\" alt=\"Skumani logo_primary_fiolet\" \/><\/figure><\/div>\t\t\t<\/div>\n\t\t\t\t\t\t\t\t\t\t\t\t<div class=\"elementor-swiper-button elementor-swiper-button-prev\" role=\"button\" tabindex=\"0\">\n\t\t\t\t\t\t<i aria-hidden=\"true\" class=\"eicon-chevron-left\"><\/i>\t\t\t\t\t<\/div>\n\t\t\t\t\t<div class=\"elementor-swiper-button elementor-swiper-button-next\" role=\"button\" tabindex=\"0\">\n\t\t\t\t\t\t<i aria-hidden=\"true\" class=\"eicon-chevron-right\"><\/i>\t\t\t\t\t<\/div>\n\t\t\t\t\n\t\t\t\t\t\t\t\t\t<\/div>\n\t\t\t\t\t\t<\/div>\n\t\t\t\t<\/div>\n\t\t\t\t<div class=\"elementor-element elementor-element-37fda319 elementor-widget-divider--view-line elementor-widget elementor-widget-divider\" data-id=\"37fda319\" data-element_type=\"widget\" data-widget_type=\"divider.default\">\n\t\t\t\t<div class=\"elementor-widget-container\">\n\t\t\t\t\t\t\t<div class=\"elementor-divider\">\n\t\t\t<span class=\"elementor-divider-separator\">\n\t\t\t\t\t\t<\/span>\n\t\t<\/div>\n\t\t\t\t\t\t<\/div>\n\t\t\t\t<\/div>\n\t\t\t\t\t<\/div>\n\t\t<\/div>\n\t\t\t\t\t<\/div>\n\t\t<\/section>\n\t\t\t\t<\/div>\n\t\t","protected":false},"excerpt":{"rendered":"<p>We help children who, for social and financial reasons, cannot rely on sufficient support from their caregivers. We counteract the social exclusion of children and level the playing field for them in the day homes we run, which are created on the model of a family home. With us, children find a sense of security, confidence in their abilities, learn to dream and make those dreams come true. Our activities It takes care of about 15 children aged 7-12 (younger group) and 15 teenagers from the age of 12 (older group). Here we take care of equalizing children&#8217;s educational, educational, emotional and social opportunities. Every day in a home-like space in Kamionka, 15 children aged 7-13 find a sense of security, learn to dream and realize their dreams. MORE! YOUR SUPPORT MAKES A REAL DIFFERENCE You can help us in several ways. Learn about our support programs and see how you can get involved (click on the clouds for details). Find out who we are helping. Click A program in which, through the activities of the foundation, you can provide a specific child with daily educational care, support in education and a good start in later life. It&#8217;s a program in which for PLN 130 a month you can provide healthy lunches to a needy child for an entire month. The program covers children between the ages of 7 and 19. Helping is easy! See how much you can do by taking one small step. Do you want to act with us and become a volunteer or volunteer? Have an idea how you can help us? MORE! DONATE NOW Thanks to your donation, we can take action every day for children who need support. DONATE NOW What&#8217;s new with us? There is always a lot happening at our Foundation. Take a look at the initiatives we run, what inspires us, and what we are actively involved in\u2026 We would be delighted if you took an interest in the life of the Foundation. If a post particularly resonates with you, please share it on your social media \u2014 it\u2019s also a meaningful way to support us. Thank you! READ MORE Photo Gallery Catch a glimpse of the good moments we are trying to create as many as possible&#8230;. Our partners<\/p>\n","protected":false},"author":24783,"featured_media":0,"parent":0,"menu_order":0,"comment_status":"closed","ping_status":"closed","template":"","meta":{"_acf_changed":false,"inline_featured_image":false,"_monsterinsights_skip_tracking":false,"_monsterinsights_sitenote_active":false,"_monsterinsights_sitenote_note":"","_monsterinsights_sitenote_category":0,"ocean_post_layout":"full-width","ocean_both_sidebars_style":"","ocean_both_sidebars_content_width":0,"ocean_both_sidebars_sidebars_width":0,"ocean_sidebar":"0","ocean_second_sidebar":"0","ocean_disable_margins":"on","ocean_add_body_class":"","ocean_shortcode_before_top_bar":"","ocean_shortcode_after_top_bar":"","ocean_shortcode_before_header":"","ocean_shortcode_after_header":"","ocean_has_shortcode":"","ocean_shortcode_after_title":"","ocean_shortcode_before_footer_widgets":"","ocean_shortcode_after_footer_widgets":"","ocean_shortcode_before_footer_bottom":"","ocean_shortcode_after_footer_bottom":"","ocean_display_top_bar":"off","ocean_display_header":"default","ocean_header_style":"","ocean_center_header_left_menu":"0","ocean_custom_header_template":"0","ocean_custom_logo":0,"ocean_custom_retina_logo":0,"ocean_custom_logo_max_width":0,"ocean_custom_logo_tablet_max_width":0,"ocean_custom_logo_mobile_max_width":0,"ocean_custom_logo_max_height":0,"ocean_custom_logo_tablet_max_height":0,"ocean_custom_logo_mobile_max_height":0,"ocean_header_custom_menu":"0","ocean_menu_typo_font_family":"0","ocean_menu_typo_font_subset":"","ocean_menu_typo_font_size":0,"ocean_menu_typo_font_size_tablet":0,"ocean_menu_typo_font_size_mobile":0,"ocean_menu_typo_font_size_unit":"px","ocean_menu_typo_font_weight":"","ocean_menu_typo_font_weight_tablet":"","ocean_menu_typo_font_weight_mobile":"","ocean_menu_typo_transform":"","ocean_menu_typo_transform_tablet":"","ocean_menu_typo_transform_mobile":"","ocean_menu_typo_line_height":0,"ocean_menu_typo_line_height_tablet":0,"ocean_menu_typo_line_height_mobile":0,"ocean_menu_typo_line_height_unit":"","ocean_menu_typo_spacing":0,"ocean_menu_typo_spacing_tablet":0,"ocean_menu_typo_spacing_mobile":0,"ocean_menu_typo_spacing_unit":"","ocean_menu_link_color":"","ocean_menu_link_color_hover":"","ocean_menu_link_color_active":"","ocean_menu_link_background":"","ocean_menu_link_hover_background":"","ocean_menu_link_active_background":"","ocean_menu_social_links_bg":"","ocean_menu_social_hover_links_bg":"","ocean_menu_social_links_color":"","ocean_menu_social_hover_links_color":"","ocean_disable_title":"default","ocean_disable_heading":"default","ocean_post_title":"","ocean_post_subheading":"","ocean_post_title_style":"","ocean_post_title_background_color":"","ocean_post_title_background":0,"ocean_post_title_bg_image_position":"","ocean_post_title_bg_image_attachment":"","ocean_post_title_bg_image_repeat":"","ocean_post_title_bg_image_size":"","ocean_post_title_height":0,"ocean_post_title_bg_overlay":0.5,"ocean_post_title_bg_overlay_color":"","ocean_disable_breadcrumbs":"default","ocean_breadcrumbs_color":"","ocean_breadcrumbs_separator_color":"","ocean_breadcrumbs_links_color":"","ocean_breadcrumbs_links_hover_color":"","ocean_display_footer_widgets":"default","ocean_display_footer_bottom":"default","ocean_custom_footer_template":"0","footnotes":"","_links_to":"","_links_to_target":""},"class_list":["post-13501","page","type-page","status-publish","hentry","entry"],"acf":[],"yoast_head":"<!-- This site is optimized with the Yoast SEO plugin v26.3 - https:\/\/yoast.com\/wordpress\/plugins\/seo\/ -->\n<title>Homepage - Fundacja Joanny Radziwi\u0142\u0142<\/title>\n<meta name=\"robots\" content=\"index, follow, max-snippet:-1, max-image-preview:large, max-video-preview:-1\" \/>\n<link rel=\"canonical\" href=\"https:\/\/fundacjajoannyradziwill.pl\/en\/\" \/>\n<meta property=\"og:locale\" content=\"en_US\" \/>\n<meta property=\"og:type\" content=\"article\" \/>\n<meta property=\"og:title\" content=\"Homepage - Fundacja Joanny Radziwi\u0142\u0142\" \/>\n<meta property=\"og:description\" content=\"We help children who, for social and financial reasons, cannot rely on sufficient support from their caregivers. We counteract the social exclusion of children and level the playing field for them in the day homes we run, which are created on the model of a family home. With us, children find a sense of security, confidence in their abilities, learn to dream and make those dreams come true. Our activities It takes care of about 15 children aged 7-12 (younger group) and 15 teenagers from the age of 12 (older group). Here we take care of equalizing children&#8217;s educational, educational, emotional and social opportunities. Every day in a home-like space in Kamionka, 15 children aged 7-13 find a sense of security, learn to dream and realize their dreams. MORE! YOUR SUPPORT MAKES A REAL DIFFERENCE You can help us in several ways. Learn about our support programs and see how you can get involved (click on the clouds for details). Find out who we are helping. Click A program in which, through the activities of the foundation, you can provide a specific child with daily educational care, support in education and a good start in later life. It&#8217;s a program in which for PLN 130 a month you can provide healthy lunches to a needy child for an entire month. The program covers children between the ages of 7 and 19. Helping is easy! See how much you can do by taking one small step. Do you want to act with us and become a volunteer or volunteer? Have an idea how you can help us? MORE! DONATE NOW Thanks to your donation, we can take action every day for children who need support. DONATE NOW What&#8217;s new with us? There is always a lot happening at our Foundation. Take a look at the initiatives we run, what inspires us, and what we are actively involved in\u2026 We would be delighted if you took an interest in the life of the Foundation. If a post particularly resonates with you, please share it on your social media \u2014 it\u2019s also a meaningful way to support us. Thank you! READ MORE Photo Gallery Catch a glimpse of the good moments we are trying to create as many as possible&#8230;. Our partners\" \/>\n<meta property=\"og:url\" content=\"https:\/\/fundacjajoannyradziwill.pl\/en\/\" \/>\n<meta property=\"og:site_name\" content=\"Fundacja Joanny Radziwi\u0142\u0142\" \/>\n<meta property=\"article:publisher\" content=\"https:\/\/www.facebook.com\/fundacjaopiekunczeskrzydla\" \/>\n<meta property=\"article:modified_time\" content=\"2026-03-03T16:22:21+00:00\" \/>\n<meta property=\"og:image\" content=\"https:\/\/fundacjajoannyradziwill.pl\/wp-content\/uploads\/2023\/04\/sw_mikolaj-02.svg\" \/>\n<meta name=\"twitter:card\" content=\"summary_large_image\" \/>\n<meta name=\"twitter:label1\" content=\"Est. reading time\" \/>\n\t<meta name=\"twitter:data1\" content=\"12 minutes\" \/>\n<script type=\"application\/ld+json\" class=\"yoast-schema-graph\">{\"@context\":\"https:\/\/schema.org\",\"@graph\":[{\"@type\":\"WebPage\",\"@id\":\"https:\/\/fundacjajoannyradziwill.pl\/en\/\",\"url\":\"https:\/\/fundacjajoannyradziwill.pl\/en\/\",\"name\":\"Homepage - Fundacja Joanny Radziwi\u0142\u0142\",\"isPartOf\":{\"@id\":\"https:\/\/fundacjajoannyradziwill.pl\/en\/#website\"},\"primaryImageOfPage\":{\"@id\":\"https:\/\/fundacjajoannyradziwill.pl\/en\/#primaryimage\"},\"image\":{\"@id\":\"https:\/\/fundacjajoannyradziwill.pl\/en\/#primaryimage\"},\"thumbnailUrl\":\"https:\/\/fundacjajoannyradziwill.pl\/wp-content\/uploads\/2023\/04\/sw_mikolaj-02.svg\",\"datePublished\":\"2019-08-19T14:38:53+00:00\",\"dateModified\":\"2026-03-03T16:22:21+00:00\",\"inLanguage\":\"en-US\",\"potentialAction\":[{\"@type\":\"ReadAction\",\"target\":[\"https:\/\/fundacjajoannyradziwill.pl\/en\/\"]}]},{\"@type\":\"ImageObject\",\"inLanguage\":\"en-US\",\"@id\":\"https:\/\/fundacjajoannyradziwill.pl\/en\/#primaryimage\",\"url\":\"https:\/\/fundacjajoannyradziwill.pl\/wp-content\/uploads\/2023\/04\/sw_mikolaj-02.svg\",\"contentUrl\":\"https:\/\/fundacjajoannyradziwill.pl\/wp-content\/uploads\/2023\/04\/sw_mikolaj-02.svg\"},{\"@type\":\"WebSite\",\"@id\":\"https:\/\/fundacjajoannyradziwill.pl\/en\/#website\",\"url\":\"https:\/\/fundacjajoannyradziwill.pl\/en\/\",\"name\":\"Fundacja Joanny Radziwi\u0142\u0142\",\"description\":\"Opieku\u0144cze Skrzyd\u0142a\",\"publisher\":{\"@id\":\"https:\/\/fundacjajoannyradziwill.pl\/en\/#organization\"},\"potentialAction\":[{\"@type\":\"SearchAction\",\"target\":{\"@type\":\"EntryPoint\",\"urlTemplate\":\"https:\/\/fundacjajoannyradziwill.pl\/en\/?s={search_term_string}\"},\"query-input\":{\"@type\":\"PropertyValueSpecification\",\"valueRequired\":true,\"valueName\":\"search_term_string\"}}],\"inLanguage\":\"en-US\"},{\"@type\":\"Organization\",\"@id\":\"https:\/\/fundacjajoannyradziwill.pl\/en\/#organization\",\"name\":\"Fundacja Joanny Radziwi\u0142\u0142\",\"url\":\"https:\/\/fundacjajoannyradziwill.pl\/en\/\",\"logo\":{\"@type\":\"ImageObject\",\"inLanguage\":\"en-US\",\"@id\":\"https:\/\/fundacjajoannyradziwill.pl\/en\/#\/schema\/logo\/image\/\",\"url\":\"https:\/\/fundacjajoannyradziwill.pl\/wp-content\/uploads\/2023\/05\/logo_poziom_czerwony-01-1.svg\",\"contentUrl\":\"https:\/\/fundacjajoannyradziwill.pl\/wp-content\/uploads\/2023\/05\/logo_poziom_czerwony-01-1.svg\",\"width\":473,\"height\":151,\"caption\":\"Fundacja Joanny Radziwi\u0142\u0142\"},\"image\":{\"@id\":\"https:\/\/fundacjajoannyradziwill.pl\/en\/#\/schema\/logo\/image\/\"},\"sameAs\":[\"https:\/\/www.facebook.com\/fundacjaopiekunczeskrzydla\"]}]}<\/script>\n<!-- \/ Yoast SEO plugin. -->","yoast_head_json":{"title":"Homepage - Fundacja Joanny Radziwi\u0142\u0142","robots":{"index":"index","follow":"follow","max-snippet":"max-snippet:-1","max-image-preview":"max-image-preview:large","max-video-preview":"max-video-preview:-1"},"canonical":"https:\/\/fundacjajoannyradziwill.pl\/en\/","og_locale":"en_US","og_type":"article","og_title":"Homepage - Fundacja Joanny Radziwi\u0142\u0142","og_description":"We help children who, for social and financial reasons, cannot rely on sufficient support from their caregivers. We counteract the social exclusion of children and level the playing field for them in the day homes we run, which are created on the model of a family home. With us, children find a sense of security, confidence in their abilities, learn to dream and make those dreams come true. Our activities It takes care of about 15 children aged 7-12 (younger group) and 15 teenagers from the age of 12 (older group). Here we take care of equalizing children&#8217;s educational, educational, emotional and social opportunities. Every day in a home-like space in Kamionka, 15 children aged 7-13 find a sense of security, learn to dream and realize their dreams. MORE! YOUR SUPPORT MAKES A REAL DIFFERENCE You can help us in several ways. Learn about our support programs and see how you can get involved (click on the clouds for details). Find out who we are helping. Click A program in which, through the activities of the foundation, you can provide a specific child with daily educational care, support in education and a good start in later life. It&#8217;s a program in which for PLN 130 a month you can provide healthy lunches to a needy child for an entire month. The program covers children between the ages of 7 and 19. Helping is easy! See how much you can do by taking one small step. Do you want to act with us and become a volunteer or volunteer? Have an idea how you can help us? MORE! DONATE NOW Thanks to your donation, we can take action every day for children who need support. DONATE NOW What&#8217;s new with us? There is always a lot happening at our Foundation. Take a look at the initiatives we run, what inspires us, and what we are actively involved in\u2026 We would be delighted if you took an interest in the life of the Foundation. If a post particularly resonates with you, please share it on your social media \u2014 it\u2019s also a meaningful way to support us. Thank you! READ MORE Photo Gallery Catch a glimpse of the good moments we are trying to create as many as possible&#8230;. Our partners","og_url":"https:\/\/fundacjajoannyradziwill.pl\/en\/","og_site_name":"Fundacja Joanny Radziwi\u0142\u0142","article_publisher":"https:\/\/www.facebook.com\/fundacjaopiekunczeskrzydla","article_modified_time":"2026-03-03T16:22:21+00:00","og_image":[{"url":"https:\/\/fundacjajoannyradziwill.pl\/wp-content\/uploads\/2023\/04\/sw_mikolaj-02.svg","type":"","width":"","height":""}],"twitter_card":"summary_large_image","twitter_misc":{"Est. reading time":"12 minutes"},"schema":{"@context":"https:\/\/schema.org","@graph":[{"@type":"WebPage","@id":"https:\/\/fundacjajoannyradziwill.pl\/en\/","url":"https:\/\/fundacjajoannyradziwill.pl\/en\/","name":"Homepage - Fundacja Joanny Radziwi\u0142\u0142","isPartOf":{"@id":"https:\/\/fundacjajoannyradziwill.pl\/en\/#website"},"primaryImageOfPage":{"@id":"https:\/\/fundacjajoannyradziwill.pl\/en\/#primaryimage"},"image":{"@id":"https:\/\/fundacjajoannyradziwill.pl\/en\/#primaryimage"},"thumbnailUrl":"https:\/\/fundacjajoannyradziwill.pl\/wp-content\/uploads\/2023\/04\/sw_mikolaj-02.svg","datePublished":"2019-08-19T14:38:53+00:00","dateModified":"2026-03-03T16:22:21+00:00","inLanguage":"en-US","potentialAction":[{"@type":"ReadAction","target":["https:\/\/fundacjajoannyradziwill.pl\/en\/"]}]},{"@type":"ImageObject","inLanguage":"en-US","@id":"https:\/\/fundacjajoannyradziwill.pl\/en\/#primaryimage","url":"https:\/\/fundacjajoannyradziwill.pl\/wp-content\/uploads\/2023\/04\/sw_mikolaj-02.svg","contentUrl":"https:\/\/fundacjajoannyradziwill.pl\/wp-content\/uploads\/2023\/04\/sw_mikolaj-02.svg"},{"@type":"WebSite","@id":"https:\/\/fundacjajoannyradziwill.pl\/en\/#website","url":"https:\/\/fundacjajoannyradziwill.pl\/en\/","name":"Fundacja Joanny Radziwi\u0142\u0142","description":"Opieku\u0144cze Skrzyd\u0142a","publisher":{"@id":"https:\/\/fundacjajoannyradziwill.pl\/en\/#organization"},"potentialAction":[{"@type":"SearchAction","target":{"@type":"EntryPoint","urlTemplate":"https:\/\/fundacjajoannyradziwill.pl\/en\/?s={search_term_string}"},"query-input":{"@type":"PropertyValueSpecification","valueRequired":true,"valueName":"search_term_string"}}],"inLanguage":"en-US"},{"@type":"Organization","@id":"https:\/\/fundacjajoannyradziwill.pl\/en\/#organization","name":"Fundacja Joanny Radziwi\u0142\u0142","url":"https:\/\/fundacjajoannyradziwill.pl\/en\/","logo":{"@type":"ImageObject","inLanguage":"en-US","@id":"https:\/\/fundacjajoannyradziwill.pl\/en\/#\/schema\/logo\/image\/","url":"https:\/\/fundacjajoannyradziwill.pl\/wp-content\/uploads\/2023\/05\/logo_poziom_czerwony-01-1.svg","contentUrl":"https:\/\/fundacjajoannyradziwill.pl\/wp-content\/uploads\/2023\/05\/logo_poziom_czerwony-01-1.svg","width":473,"height":151,"caption":"Fundacja Joanny Radziwi\u0142\u0142"},"image":{"@id":"https:\/\/fundacjajoannyradziwill.pl\/en\/#\/schema\/logo\/image\/"},"sameAs":["https:\/\/www.facebook.com\/fundacjaopiekunczeskrzydla"]}]}},"_links":{"self":[{"href":"https:\/\/fundacjajoannyradziwill.pl\/en\/wp-json\/wp\/v2\/pages\/13501","targetHints":{"allow":["GET"]}}],"collection":[{"href":"https:\/\/fundacjajoannyradziwill.pl\/en\/wp-json\/wp\/v2\/pages"}],"about":[{"href":"https:\/\/fundacjajoannyradziwill.pl\/en\/wp-json\/wp\/v2\/types\/page"}],"author":[{"embeddable":true,"href":"https:\/\/fundacjajoannyradziwill.pl\/en\/wp-json\/wp\/v2\/users\/24783"}],"replies":[{"embeddable":true,"href":"https:\/\/fundacjajoannyradziwill.pl\/en\/wp-json\/wp\/v2\/comments?post=13501"}],"version-history":[{"count":73,"href":"https:\/\/fundacjajoannyradziwill.pl\/en\/wp-json\/wp\/v2\/pages\/13501\/revisions"}],"predecessor-version":[{"id":15447,"href":"https:\/\/fundacjajoannyradziwill.pl\/en\/wp-json\/wp\/v2\/pages\/13501\/revisions\/15447"}],"wp:attachment":[{"href":"https:\/\/fundacjajoannyradziwill.pl\/en\/wp-json\/wp\/v2\/media?parent=13501"}],"curies":[{"name":"wp","href":"https:\/\/api.w.org\/{rel}","templated":true}]}}